{"id":148,"date":"2023-09-11T00:19:06","date_gmt":"2023-09-11T03:19:06","guid":{"rendered":"https:\/\/feisebe.com.br\/?page_id=148"},"modified":"2024-09-20T19:41:41","modified_gmt":"2024-09-20T22:41:41","slug":"quero-expor","status":"publish","type":"page","link":"http:\/\/feisebe.com.br\/?page_id=148","title":{"rendered":"Quero Expor"},"content":{"rendered":"<p><img decoding=\"async\" loading=\"lazy\" class=\"alignnone size-full wp-image-267\" src=\"http:\/\/feisebe.com.br\/wp-content\/uploads\/2024\/09\/FEISEBE-2025-PLANTA-1.jpg\" alt=\"\" width=\"3309\" height=\"2339\" \/><\/p>\n<p>&nbsp;<\/p>\n<p><strong>A Feisebe- Feira Internacional do Setor de Bebidas tem como principais objetivos;<\/strong><\/p>\n<p>1- Colocar os Fornecedores para a Ind\u00fastria de Bebidas em contato com os mais diversos Fabricantes do Setor como destilados, vinhos, cacha\u00e7as, sucos, refrigerantes, leites, caf\u00e9s, energ\u00e9ticos entre outros para a gera\u00e7\u00e3o de novos clientes e neg\u00f3cios.<\/p>\n<p>2- Colocar as Ind\u00fastrias de Bebidas em contato com Atacadistas, Distribuidores, Supermercados, Bares e Restaurantes, Hot\u00e9is , Importadores e todos \u00e0queles que revendem Bebidas no Brasil e no exterior.<\/p>\n<p>&nbsp;<\/p>\n<p><strong>Participar de um evento como a Feisebe \u00e9 apresentar seus produtos para o mercado nacional e Internacional, abrindo um leque de possibilidades que s\u00f3 um evento como esse pode proporcionar.<\/strong><\/p>\n<p><strong>Reserve j\u00e1 o espa\u00e7o de sua empresa no \u00fanico evento voltado exclusivamente para o setor de Bebidas.<\/strong><\/p>\n<p><strong>Entre em contato conosco;<\/strong><\/p>\n<h6 style=\"text-align: left;\"><strong>Tel\u00a0 \u00a0 \u00a0 \u00a0 \u00a0 \u00a0 \u00a0 \u00a0 \u00a0 \u00a0 \u00a0 \u00a0 11 9 9977 5511\u00a0 \u00a0 \u00a0 \u00a0 \u00a0 \u00a0 \u00a0 \u00a0 \u00a0 \u00a0 \u00a0 \u00a0 \u00a0 \u00a0 \u00a0 \u00a0 \u00a0 \u00a0 \u00a0 \u00a0 \u00a0 \u00a0 \u00a0 \u00a0 \u00a0 \u00a0 \u00a0 \u00a0 \u00a0 \u00a0 \u00a0 \u00a0 \u00a0 \u00a0 \u00a0 \u00a0 \u00a0 \u00a0 \u00a0 \u00a0 \u00a0 \u00a0 \u00a0 \u00a0 \u00a0 \u00a0 \u00a0 \u00a0 \u00a0 \u00a0 \u00a0 \u00a0 \u00a0 \u00a0 \u00a0 \u00a0 \u00a0 \u00a0 \u00a0 \u00a0 \u00a0 \u00a0<\/strong><strong>Whatsapp\u00a0 \u00a0 \u00a0 11 9 8888 8288\u00a0 \u00a0 \u00a0 \u00a0 \u00a0 \u00a0 \u00a0 \u00a0 \u00a0 \u00a0 \u00a0 \u00a0 \u00a0 \u00a0 \u00a0 \u00a0 \u00a0 \u00a0 \u00a0 \u00a0 \u00a0 \u00a0 \u00a0 \u00a0 \u00a0 \u00a0 \u00a0 \u00a0 \u00a0 \u00a0 \u00a0 \u00a0 \u00a0 \u00a0 \u00a0 \u00a0 \u00a0 \u00a0 \u00a0 \u00a0 \u00a0 \u00a0 \u00a0 \u00a0 \u00a0 \u00a0 \u00a0 \u00a0 \u00a0 \u00a0 \u00a0 \u00a0 \u00a0 \u00a0 \u00a0 \u00a0 \u00a0 \u00a0 \u00a0 \u00a0 \u00a0<\/strong><strong>E-mail\u00a0 \u00a0 \u00a0 \u00a0 \u00a0 \u00a0 \u00a0 \u00a0comercial@feisebe.com.br<\/strong><\/h6>\n<p>&nbsp;<\/p>\n","protected":false},"excerpt":{"rendered":"<p>&nbsp; A Feisebe- Feira Internacional do Setor de Bebidas tem como principais objetivos; 1- Colocar os Fornecedores para a Ind\u00fastria de Bebidas em contato com os mais diversos Fabricantes do &hellip; <\/p>\n","protected":false},"author":1,"featured_media":0,"parent":0,"menu_order":0,"comment_status":"closed","ping_status":"closed","template":"","meta":[],"_links":{"self":[{"href":"http:\/\/feisebe.com.br\/index.php?rest_route=\/wp\/v2\/pages\/148"}],"collection":[{"href":"http:\/\/feisebe.com.br\/index.php?rest_route=\/wp\/v2\/pages"}],"about":[{"href":"http:\/\/feisebe.com.br\/index.php?rest_route=\/wp\/v2\/types\/page"}],"author":[{"embeddable":true,"href":"http:\/\/feisebe.com.br\/index.php?rest_route=\/wp\/v2\/users\/1"}],"replies":[{"embeddable":true,"href":"http:\/\/feisebe.com.br\/index.php?rest_route=%2Fwp%2Fv2%2Fcomments&post=148"}],"version-history":[{"count":9,"href":"http:\/\/feisebe.com.br\/index.php?rest_route=\/wp\/v2\/pages\/148\/revisions"}],"predecessor-version":[{"id":269,"href":"http:\/\/feisebe.com.br\/index.php?rest_route=\/wp\/v2\/pages\/148\/revisions\/269"}],"wp:attachment":[{"href":"http:\/\/feisebe.com.br\/index.php?rest_route=%2Fwp%2Fv2%2Fmedia&parent=148"}],"curies":[{"name":"wp","href":"https:\/\/api.w.org\/{rel}","templated":true}]}}